{"id":1917,"date":"2024-12-14T10:29:49","date_gmt":"2024-12-14T09:29:49","guid":{"rendered":"https:\/\/casa-ayni.ch\/casa-ayni\/"},"modified":"2025-01-18T18:55:05","modified_gmt":"2025-01-18T17:55:05","slug":"casa-ayni","status":"publish","type":"page","link":"https:\/\/casa-ayni.ch\/de\/casa-ayni\/","title":{"rendered":"Casa Ayni"},"content":{"rendered":"<div class=\"wpb-content-wrapper\">[vc_row ct_row_stretch=&#8220;stretch_row&#8220; ct_bg_image=&#8220;8318&#8243; ct_bg_color_overlay=&#8220;rgba(10,10,10,0.3)&#8220; ct_bg_position=&#8220;center center&#8220; ct_bg_parallax=&#8220;fixed&#8220; full_width=&#8220;stretch_row&#8220; use_row_as_full_screen_section=&#8220;no&#8220; type=&#8220;grid&#8220;][vc_column css=&#8220;.vc_custom_1734174655594{background-image: url(https:\/\/casa-ayni.ch\/wp-content\/uploads\/2024\/12\/Casa-Ayni-Featured.jpg?id=119) !important;background-position: center !important;background-repeat: no-repeat !important;background-size: cover !important;}&#8220;]<div class=\"ult-spacer spacer-69f716f4a91d8\" data-id=\"69f716f4a91d8\" data-height=\"210\" data-height-mobile=\"130\" data-height-tab=\"\" data-height-tab-portrait=\"\" data-height-mobile-landscape=\"130\" style=\"clear:both;display:block;\"><\/div><div id=\"ultimate-heading-63069f716f4a9458\" class=\"uvc-heading ult-adjust-bottom-margin ultimate-heading-63069f716f4a9458 uvc-7509 \" data-hspacer=\"icon_only\"  data-halign=\"center\" style=\"text-align:center\"><div class=\"uvc-heading-spacer icon_only\" style=\"top\"><div class=\"ult-just-icon-wrapper  \"><div class=\"align-icon\" style=\"text-align:center;\">\n<div class=\"aio-icon none \"  style=\"color:#ffffff;font-size:32px;display:inline-block;\">\n\t<i class=\"wp-Ingenicons-Send\"><\/i>\n<\/div><\/div><\/div><\/div><div class=\"uvc-main-heading ult-responsive\"  data-ultimate-target='.uvc-heading.ultimate-heading-63069f716f4a9458 h2'  data-responsive-json-new='{\"font-size\":\"desktop:66px;mobile_landscape:54px;mobile:54px;\",\"line-height\":\"desktop:60px;\"}' ><h2 style=\"font-weight:bold;color:#ffffff;margin-top:20px;margin-bottom:10px;\">CASA AYNI<\/h2><\/div><div class=\"uvc-sub-heading ult-responsive\"  data-ultimate-target='.uvc-heading.ultimate-heading-63069f716f4a9458 .uvc-sub-heading '  data-responsive-json-new='{\"font-size\":\"desktop:22px;mobile_landscape:20px;mobile:20px;\",\"line-height\":\"desktop:25px;\"}'  style=\"font-family:&#039;Marck Script&#039;;font-weight:normal;color:#ffffff;\">Eine Oase f\u00fcr die Seele<\/div><\/div><div class=\"ult-spacer spacer-69f716f4a94f6\" data-id=\"69f716f4a94f6\" data-height=\"210\" data-height-mobile=\"130\" data-height-tab=\"\" data-height-tab-portrait=\"\" data-height-mobile-landscape=\"130\" style=\"clear:both;display:block;\"><\/div>[\/vc_column][\/vc_row][vc_row ct_row_stretch=&#8220;&#8220; use_row_as_full_screen_section=&#8220;no&#8220; type=&#8220;grid&#8220;][vc_column offset=&#8220;vc_col-md-6&#8243;]<div class=\"ult-spacer spacer-69f716f4a9548\" data-id=\"69f716f4a9548\" data-height=\"90\" data-height-mobile=\"50\" data-height-tab=\"50\" data-height-tab-portrait=\"50\" data-height-mobile-landscape=\"50\" style=\"clear:both;display:block;\"><\/div><div id=\"ultimate-heading-485169f716f4a9596\" class=\"uvc-heading ult-adjust-bottom-margin ultimate-heading-485169f716f4a9596 uvc-6603 \" data-hspacer=\"no_spacer\"  data-halign=\"center\" style=\"text-align:center\"><div class=\"uvc-heading-spacer no_spacer\" style=\"top\"><\/div><div class=\"uvc-sub-heading ult-responsive\"  data-ultimate-target='.uvc-heading.ultimate-heading-485169f716f4a9596 .uvc-sub-heading '  data-responsive-json-new='{\"font-size\":\"\",\"line-height\":\"\"}'  style=\"font-weight:normal;\"><img loading=\"lazy\" decoding=\"async\" class=\"alignnone size-large wp-image-322\" src=\"https:\/\/casa-ayni.ch\/wp-content\/uploads\/2024\/12\/Illustation-Grove-River-Ticino-1024x585.webp\" alt=\"\" width=\"900\" height=\"514\" srcset=\"https:\/\/casa-ayni.ch\/wp-content\/uploads\/2024\/12\/Illustation-Grove-River-Ticino-1024x585.webp 1024w, https:\/\/casa-ayni.ch\/wp-content\/uploads\/2024\/12\/Illustation-Grove-River-Ticino-300x171.webp 300w, https:\/\/casa-ayni.ch\/wp-content\/uploads\/2024\/12\/Illustation-Grove-River-Ticino-768x439.webp 768w, https:\/\/casa-ayni.ch\/wp-content\/uploads\/2024\/12\/Illustation-Grove-River-Ticino-1536x878.webp 1536w, https:\/\/casa-ayni.ch\/wp-content\/uploads\/2024\/12\/Illustation-Grove-River-Ticino-600x343.webp 600w, https:\/\/casa-ayni.ch\/wp-content\/uploads\/2024\/12\/Illustation-Grove-River-Ticino.webp 1280w\" sizes=\"auto, (max-width: 900px) 100vw, 900px\" \/><\/div><\/div>[\/vc_column][vc_column offset=&#8220;vc_col-md-6&#8243;]<div class=\"ult-spacer spacer-69f716f4a95f5\" data-id=\"69f716f4a95f5\" data-height=\"90\" data-height-mobile=\"50\" data-height-tab=\"50\" data-height-tab-portrait=\"50\" data-height-mobile-landscape=\"50\" style=\"clear:both;display:block;\"><\/div><div id=\"ultimate-heading-683869f716f4a9642\" class=\"uvc-heading ult-adjust-bottom-margin ultimate-heading-683869f716f4a9642 uvc-1168 \" data-hspacer=\"no_spacer\"  data-halign=\"left\" style=\"text-align:left\"><div class=\"uvc-heading-spacer no_spacer\" style=\"top\"><\/div><div class=\"uvc-sub-heading ult-responsive\"  data-ultimate-target='.uvc-heading.ultimate-heading-683869f716f4a9642 .uvc-sub-heading '  data-responsive-json-new='{\"font-size\":\"desktop:14px;\",\"line-height\":\"desktop:25px;\"}'  style=\"font-weight:normal;color:#686868;\">\n<h2 style=\"text-align: center;\">Willkommen bei Casa Ayni:<\/h2>\n<p style=\"text-align: center;\"><strong>Wo Natur, Geist und Gemeinschaft in sakraler Reziprozit\u00e4t zusammenkommen<\/strong><\/p>\n<p>Im Herzen des Val di Blenio im Tessin \u2013 bekannt als das \u201eTal der Sonne\u201c \u2013 liegt Casa Ayni, eine Oase der Ruhe f\u00fcr all jene, die Verbindung, Heilung und Transformation suchen. Eingebettet in die majest\u00e4tischen Alpen und mit Blick auf den sch\u00fctzenden Gipfel des Monte Simano ist unser Sanktuarium in der zeitlosen Weisheit des Ayni verwurzelt, dem andinen Prinzip der heiligen Reziprozit\u00e4t. Hier verschmelzen die Rhythmen von Natur und Geist zu einem Raum, in dem die Seele Gleichgewicht und Erneuerung finden kann. Von transformierenden Einzelsitzungen, Retreats und spirituellen Zeremonien bis hin zu kreativen Workshops und Gemeinschaftskreisen sch\u00f6pfen unsere Angebote aus der Sch\u00f6nheit und Stille unserer Umgebung. In Casa Ayni ehrt jedes Zusammenkommen die Verbindung zwischen allen Himmelsrichtungen, Geist und Gemeinschaft und l\u00e4dt dich ein, geleitet von der heiligen Reziprozit\u00e4t, die uns alle verbindet, dich auf eine Reise der Heilung und Ganzheit einzulassen. Komme, wie du bist. Gehe mit einem erf\u00fcllten Herzen und erneuertem Geist.<\/div><\/div>[\/vc_column][\/vc_row][vc_row ct_row_stretch=&#8220;&#8220; use_row_as_full_screen_section=&#8220;no&#8220; type=&#8220;grid&#8220; el_class=&#8220;reorder-mobile&#8220;][vc_column width=&#8220;3\/4&#8243; offset=&#8220;vc_col-md-6&#8243;]<div class=\"ult-spacer spacer-69f716f4a9699\" data-id=\"69f716f4a9699\" data-height=\"90\" data-height-mobile=\"50\" data-height-tab=\"50\" data-height-tab-portrait=\"50\" data-height-mobile-landscape=\"50\" style=\"clear:both;display:block;\"><\/div><div id=\"ultimate-heading-509169f716f4a96db\" class=\"uvc-heading ult-adjust-bottom-margin ultimate-heading-509169f716f4a96db uvc-4153 \" data-hspacer=\"no_spacer\"  data-halign=\"center\" style=\"text-align:center\"><div class=\"uvc-heading-spacer no_spacer\" style=\"top\"><\/div><div class=\"uvc-sub-heading ult-responsive\"  data-ultimate-target='.uvc-heading.ultimate-heading-509169f716f4a96db .uvc-sub-heading '  data-responsive-json-new='{\"font-size\":\"\",\"line-height\":\"\"}'  style=\"font-weight:normal;\">\n<h2 style=\"text-align: center;\">Das Herz von Casa Ayni<\/h2>\n<h3><strong>Wer wir sind<\/strong><\/h3>\n<p style=\"text-align: left;\">Wir sind Eli und Ert, ein Paar in tiefer Liebe, das einen gemeinsamen Weg der Verbundenheit, Bestimmung und Hingabe geht. Unsere Verbindung ist nicht nur das Fundament unseres pers\u00f6nlichen Lebens, sondern auch das Herz des Sanktuariums, das wir mit Casa Ayni geschaffen haben. Gemeinsam lassen wir uns von dem Prinzip des Ayni leiten \u2013 der andinen Weisheit, der sakrale Reziprozit\u00e4t, das Gleichgewicht von Geben und Nehmen und die Verbundenheit allen Lebens. Das Prinzip, welches Sumak Kawsay, ein gutes Leben erm\u00f6glicht.<\/p>\n<h3><strong>Was wir mitbringen<\/strong><\/h3>\n<p style=\"text-align: left;\">In Casa Ayni bringen wir nicht nur unsere beruflichen und pers\u00f6nlichen F\u00e4higkeiten ein, sondern auch unsere Herzen, um einen Raum zu schaffen, in dem Heilung, Transformation und Verbindung ganz nat\u00fcrlich entstehen. Elis schamanische Praktiken und psychologisches Know-How verweben sich mit Erts handwerklichem K\u00f6nnen und seiner f\u00fcrsorglichen Hingabe, um die Seele von Casa Ayni zu formen. Jede Zeremonie, jedes Treffen und jedes Angebot ist von dieser Synergie durchdrungen und l\u00e4dt jeden Besucher in einen heiligen Kreis ein, in dem sie\/er gesehen, unterst\u00fctzt und inspiriert wird, ihren\/seinen eigenen Weg des Wachstums zu gehen.<\/p>\n<\/div><\/div>[\/vc_column][vc_column width=&#8220;1\/4&#8243; offset=&#8220;vc_col-md-6&#8243;]<div class=\"ult-spacer spacer-69f716f4a972d\" data-id=\"69f716f4a972d\" data-height=\"90\" data-height-mobile=\"50\" data-height-tab=\"50\" data-height-tab-portrait=\"50\" data-height-mobile-landscape=\"50\" style=\"clear:both;display:block;\"><\/div><div id=\"ultimate-heading-92769f716f4a976f\" class=\"uvc-heading ult-adjust-bottom-margin ultimate-heading-92769f716f4a976f uvc-8265 \" data-hspacer=\"no_spacer\"  data-halign=\"left\" style=\"text-align:left\"><div class=\"uvc-heading-spacer no_spacer\" style=\"top\"><\/div><div class=\"uvc-sub-heading ult-responsive\"  data-ultimate-target='.uvc-heading.ultimate-heading-92769f716f4a976f .uvc-sub-heading '  data-responsive-json-new='{\"font-size\":\"desktop:14px;\",\"line-height\":\"desktop:25px;\"}'  style=\"font-weight:normal;color:#686868;\"><img loading=\"lazy\" decoding=\"async\" class=\"aligncenter wp-image-2586\" src=\"https:\/\/casa-ayni.ch\/wp-content\/uploads\/2025\/01\/Eli-Ert-Square.jpg\" alt=\"\" width=\"480\" height=\"480\" srcset=\"https:\/\/casa-ayni.ch\/wp-content\/uploads\/2025\/01\/Eli-Ert-Square.jpg 840w, https:\/\/casa-ayni.ch\/wp-content\/uploads\/2025\/01\/Eli-Ert-Square-300x300.jpg 300w, https:\/\/casa-ayni.ch\/wp-content\/uploads\/2025\/01\/Eli-Ert-Square-150x150.jpg 150w, https:\/\/casa-ayni.ch\/wp-content\/uploads\/2025\/01\/Eli-Ert-Square-768x768.jpg 768w, https:\/\/casa-ayni.ch\/wp-content\/uploads\/2025\/01\/Eli-Ert-Square-600x600.jpg 600w\" sizes=\"auto, (max-width: 480px) 100vw, 480px\" \/><\/div><\/div>[\/vc_column][\/vc_row][vc_row ct_row_stretch=&#8220;&#8220; use_row_as_full_screen_section=&#8220;no&#8220; type=&#8220;grid&#8220;][vc_column width=&#8220;1\/4&#8243; offset=&#8220;vc_col-md-6&#8243;]<div class=\"ult-spacer spacer-69f716f4a97d0\" data-id=\"69f716f4a97d0\" data-height=\"90\" data-height-mobile=\"50\" data-height-tab=\"50\" data-height-tab-portrait=\"50\" data-height-mobile-landscape=\"50\" style=\"clear:both;display:block;\"><\/div><div id=\"ultimate-heading-855269f716f4a9814\" class=\"uvc-heading ult-adjust-bottom-margin ultimate-heading-855269f716f4a9814 uvc-6162 \" data-hspacer=\"no_spacer\"  data-halign=\"left\" style=\"text-align:left\"><div class=\"uvc-heading-spacer no_spacer\" style=\"top\"><\/div><div class=\"uvc-sub-heading ult-responsive\"  data-ultimate-target='.uvc-heading.ultimate-heading-855269f716f4a9814 .uvc-sub-heading '  data-responsive-json-new='{\"font-size\":\"desktop:14px;\",\"line-height\":\"desktop:25px;\"}'  style=\"font-weight:normal;color:#686868;\"><img loading=\"lazy\" decoding=\"async\" class=\"aligncenter wp-image-2583\" src=\"https:\/\/casa-ayni.ch\/wp-content\/uploads\/2025\/01\/Eli-Square.jpg\" alt=\"\" width=\"480\" height=\"480\" srcset=\"https:\/\/casa-ayni.ch\/wp-content\/uploads\/2025\/01\/Eli-Square.jpg 840w, https:\/\/casa-ayni.ch\/wp-content\/uploads\/2025\/01\/Eli-Square-300x300.jpg 300w, https:\/\/casa-ayni.ch\/wp-content\/uploads\/2025\/01\/Eli-Square-150x150.jpg 150w, https:\/\/casa-ayni.ch\/wp-content\/uploads\/2025\/01\/Eli-Square-768x768.jpg 768w, https:\/\/casa-ayni.ch\/wp-content\/uploads\/2025\/01\/Eli-Square-600x600.jpg 600w\" sizes=\"auto, (max-width: 480px) 100vw, 480px\" \/><\/div><\/div>[\/vc_column][vc_column width=&#8220;3\/4&#8243; offset=&#8220;vc_col-md-6&#8243;]<div class=\"ult-spacer spacer-69f716f4a9863\" data-id=\"69f716f4a9863\" data-height=\"90\" data-height-mobile=\"50\" data-height-tab=\"50\" data-height-tab-portrait=\"50\" data-height-mobile-landscape=\"50\" style=\"clear:both;display:block;\"><\/div><div id=\"ultimate-heading-252569f716f4a98a4\" class=\"uvc-heading ult-adjust-bottom-margin ultimate-heading-252569f716f4a98a4 uvc-131 \" data-hspacer=\"no_spacer\"  data-halign=\"center\" style=\"text-align:center\"><div class=\"uvc-heading-spacer no_spacer\" style=\"top\"><\/div><div class=\"uvc-sub-heading ult-responsive\"  data-ultimate-target='.uvc-heading.ultimate-heading-252569f716f4a98a4 .uvc-sub-heading '  data-responsive-json-new='{\"font-size\":\"\",\"line-height\":\"\"}'  style=\"font-weight:normal;\">\n<h2 style=\"text-align: center;\">Eli<\/h2>\n<p style=\"text-align: left;\">Eli verbindet ihre tiefe Verbindung zu schamanischen Traditionen aus der ganzen Welt mit spirituellen Einsichten und psychologischem Know-How, um Menschen auf eine transformative Reise zu ihrer inneren Wahrheit und Freiheit zu begleiten. Als zertifizierter Coach, Energieheilpraktikerin, Integrationsspezialistin und Munay-Ki-Mentorin bietet sie individuelle Sitzungen zur Selbstentdeckung und Integration sowie kraftvolle zeremonielle Erfahrungen an. Dazu geh\u00f6ren auch alle Munay-Ki-Initiationen, Feuerzeremonien und Workshops, die darauf abzielen, unsere Beziehungen zu uns selbst, unseren Ahnen und allem Leben in und um uns herum zu heilen und in Einklang zu bringen.<\/p>\n<p style=\"text-align: left;\">Elis Weg ist tief gepr\u00e4gt von ihren ethnisch diversen Vorfahren, die sich \u00fcber Asien, Europa und Amerika erstrecken. Geboren und aufgewachsen in S\u00fcdamerika, f\u00fchrte sie ihr Studium der Ethnologie, P\u00e4dagogik und Psychologie nach Europa, wo sie sich in Kulturen und Weisheitstraditionen aus aller Welt vertiefte. Ihre innere Reise war ebenso weitreichend, da sie tief in ihre eigene Selbstentdeckung eintauchte. Sie setzte sich intensiv mit ihrem christlichen Erbe auseinander und gewann zugleich tiefgreifende Einsichten aus dem tibetischen Buddhismus und der vedischen Tradition und erinnerte sich schliesslich an die urspr\u00fcnglichen schamanischen Wege.<\/p>\n<p style=\"text-align: left;\">Mit einer Leidenschaft f\u00fcr die St\u00e4rkung von Frauen konzentriert sich Eli darauf, das Bewusstsein f\u00fcr die Prinzipien des Weiblichen und M\u00e4nnlichen zu erweitern und eine harmonische Integration dieser Energien zu f\u00f6rdern. Als Organisatorin aller Veranstaltungen in Casa Ayni schafft sie n\u00e4hrende R\u00e4ume, in denen Transformation stattfinden kann, und erm\u00f6glicht es den Teilnehmerinnen und Teilnehmern, sich mit ihrem authentischen Selbst und dem Netz des Lebens zu verbinden. Elis Pragmatismus, Weisheit und ihre einzigartige globale Perspektive machen sie zu einer vertrauensw\u00fcrdigen Begleiterin f\u00fcr alle, die tiefgreifendes pers\u00f6nliches Wachstum und spirituelles Erwachen suchen.<\/p>\n<\/div><\/div>[\/vc_column][\/vc_row][vc_row ct_row_stretch=&#8220;&#8220; use_row_as_full_screen_section=&#8220;no&#8220; type=&#8220;grid&#8220; el_class=&#8220;reorder-mobile&#8220;][vc_column width=&#8220;3\/4&#8243; offset=&#8220;vc_col-md-6&#8243;]<div class=\"ult-spacer spacer-69f716f4a98f4\" data-id=\"69f716f4a98f4\" data-height=\"90\" data-height-mobile=\"50\" data-height-tab=\"50\" data-height-tab-portrait=\"50\" data-height-mobile-landscape=\"50\" style=\"clear:both;display:block;\"><\/div><div id=\"ultimate-heading-617969f716f4a992d\" class=\"uvc-heading ult-adjust-bottom-margin ultimate-heading-617969f716f4a992d uvc-1671 \" data-hspacer=\"no_spacer\"  data-halign=\"center\" style=\"text-align:center\"><div class=\"uvc-heading-spacer no_spacer\" style=\"top\"><\/div><div class=\"uvc-sub-heading ult-responsive\"  data-ultimate-target='.uvc-heading.ultimate-heading-617969f716f4a992d .uvc-sub-heading '  data-responsive-json-new='{\"font-size\":\"\",\"line-height\":\"\"}'  style=\"font-weight:normal;\">\n<h2 style=\"text-align: center;\">Ert<\/h2>\n<p style=\"text-align: left;\">Ert ist die kreative Kraft hinter Casa Ayni. Mit gro\u00dfer Geschicklichkeit fertigt er schamanische Trommeln, Rasseln und individuelle sakrale Werkzeuge, die alle mit Intention, Sorgfalt und einer tiefen Verbindung zum Spirituellen durchdrungen sind. Als H\u00fcter der Angebote von Casa Ayni schafft er mit Liebe und Hingabe einen unterst\u00fctzenden Raum, verw\u00f6hnt die Teilnehmer w\u00e4hrend der Veranstaltungen mit liebevoll zubereiteten Mahlzeiten und begleitet sie auf ihren Wegen der Transformation. \u00dcber die physische Ebene hinaus teilt Ert seine Leidenschaft f\u00fcr schamanische Weisheit und Lehren durch sorgf\u00e4ltig gestaltete digitale Inhalte und bringt diese sakrale Traditionen einer breiteren globalen Gemeinschaft n\u00e4her.<\/p>\n<p style=\"text-align: left;\">Geboren und aufgewachsen an der Schnittstelle zwischen Asien und Europa, verk\u00f6rpert Ert die reiche Weisheit und Traditionen beider Regionen. Durch seine ausgepr\u00e4gte Beobachtungsgabe und den Einfluss seiner talentierten weiblichen Vorfahren entwickelte er aussergew\u00f6hnliches handwerkliches Geschick. Von der Gestaltung vielf\u00e4ltiger handgefertigter Kunstwerke bis hin zum Zubereiten k\u00f6stlicher und n\u00e4hrender Gerichte sind Erts Kreationen ein Zeugnis seiner F\u00e4higkeit, Sch\u00f6nheit und Sorgfalt in jedes Detail einzubringen.<\/p>\n<p style=\"text-align: left;\">Mit einem Hintergrund in Ingenieurwesen f\u00fchrte ihn sein analytischer Geist zur Praxis der Vipassana-Meditation, die ihm tiefgreifende Einsichten in die Funktionsweise des menschlichen Geistes schenkte. Dabei erkannte er, dass die Realit\u00e4t nicht allein vom Schicksal bestimmt wird, sondern immer \u2013 bewusst oder unbewusst \u2013 durch unsere Gedanken und Handlungen geformt wird.<\/p>\n<p style=\"text-align: left;\">Erts reiche Lebenserfahrungen, seine ausgedehnten Reisen und seine angeborene Neugier haben ihn zu einem kreativen und vielseitigen Menschen geformt. Sein offener Geist, sein Mut und sein Sinn f\u00fcr Humor machen ihn zu einer dynamischen und inspirierenden Pers\u00f6nlichkeit. Stets bereit, Neues zu entdecken, bringt er eine innovative und geerdete Perspektive in seine Arbeit ein. Er erschafft Werkzeuge und schafft R\u00e4ume, die es anderen erm\u00f6glichen, eine tiefe Verbindung zu sich selbst, ihrem Weg und dem Sakralen herzustellen.<\/p>\n<\/div><\/div>[\/vc_column][vc_column width=&#8220;1\/4&#8243; offset=&#8220;vc_col-md-6&#8243;]<div class=\"ult-spacer spacer-69f716f4a9972\" data-id=\"69f716f4a9972\" data-height=\"90\" data-height-mobile=\"50\" data-height-tab=\"50\" data-height-tab-portrait=\"50\" data-height-mobile-landscape=\"50\" style=\"clear:both;display:block;\"><\/div><div id=\"ultimate-heading-742369f716f4a99b2\" class=\"uvc-heading ult-adjust-bottom-margin ultimate-heading-742369f716f4a99b2 uvc-7307 \" data-hspacer=\"no_spacer\"  data-halign=\"left\" style=\"text-align:left\"><div class=\"uvc-heading-spacer no_spacer\" style=\"top\"><\/div><div class=\"uvc-sub-heading ult-responsive\"  data-ultimate-target='.uvc-heading.ultimate-heading-742369f716f4a99b2 .uvc-sub-heading '  data-responsive-json-new='{\"font-size\":\"desktop:14px;\",\"line-height\":\"desktop:25px;\"}'  style=\"font-weight:normal;color:#686868;\"><img loading=\"lazy\" decoding=\"async\" class=\"aligncenter wp-image-2580\" src=\"https:\/\/casa-ayni.ch\/wp-content\/uploads\/2025\/01\/Ert-Square.jpg\" alt=\"\" width=\"480\" height=\"480\" srcset=\"https:\/\/casa-ayni.ch\/wp-content\/uploads\/2025\/01\/Ert-Square.jpg 840w, https:\/\/casa-ayni.ch\/wp-content\/uploads\/2025\/01\/Ert-Square-300x300.jpg 300w, https:\/\/casa-ayni.ch\/wp-content\/uploads\/2025\/01\/Ert-Square-150x150.jpg 150w, https:\/\/casa-ayni.ch\/wp-content\/uploads\/2025\/01\/Ert-Square-768x768.jpg 768w, https:\/\/casa-ayni.ch\/wp-content\/uploads\/2025\/01\/Ert-Square-600x600.jpg 600w\" sizes=\"auto, (max-width: 480px) 100vw, 480px\" \/><\/div><\/div><div class=\"ult-spacer spacer-69f716f4a99f5\" data-id=\"69f716f4a99f5\" data-height=\"90\" data-height-mobile=\"50\" data-height-tab=\"50\" data-height-tab-portrait=\"50\" data-height-mobile-landscape=\"50\" style=\"clear:both;display:block;\"><\/div>[\/vc_column][\/vc_row][vc_row ct_row_stretch=&#8220;stretch_row&#8220; ct_bg_image=&#8220;8318&#8243; ct_bg_color_overlay=&#8220;rgba(0,0,0,0.3)&#8220; ct_bg_position=&#8220;center center&#8220; ct_bg_parallax=&#8220;fixed&#8220; full_width=&#8220;stretch_row&#8220; use_row_as_full_screen_section=&#8220;no&#8220; type=&#8220;grid&#8220;][vc_column]<div class=\"ult-spacer spacer-69f716f4a9a2a\" data-id=\"69f716f4a9a2a\" data-height=\"140\" data-height-mobile=\"60\" data-height-tab=\"100\" data-height-tab-portrait=\"100\" data-height-mobile-landscape=\"60\" style=\"clear:both;display:block;\"><\/div><div id=\"ultimate-heading-552469f716f4a9a81\" class=\"uvc-heading ult-adjust-bottom-margin ultimate-heading-552469f716f4a9a81 uvc-6877 \" data-hspacer=\"line_only\"  data-halign=\"center\" style=\"text-align:center\"><div class=\"uvc-main-heading ult-responsive\"  data-ultimate-target='.uvc-heading.ultimate-heading-552469f716f4a9a81 h4'  data-responsive-json-new='{\"font-size\":\"desktop:48px;tablet_portrait:44px;mobile_landscape:30px;mobile:30px;\",\"line-height\":\"desktop:60px;mobile_landscape:50px;mobile:50px;\"}' ><h4 style=\"font-weight:bold;color:#ffffff;\">Wir finden einen Weg!<\/h4><\/div><div class=\"uvc-heading-spacer line_only\" style=\"margin-top:15px;margin-bottom:20px;height:4px;\"><span class=\"uvc-headings-line\" style=\"border-style:solid;border-bottom-width:4px;border-color:#83b548;width:35px;\"><\/span><\/div><div class=\"uvc-sub-heading ult-responsive\"  data-ultimate-target='.uvc-heading.ultimate-heading-552469f716f4a9a81 .uvc-sub-heading '  data-responsive-json-new='{\"font-size\":\"desktop:14px;\",\"line-height\":\"desktop:25px;\"}'  style=\"font-weight:bold;color:#ffffff;\">Z\u00f6gern Sie nicht, uns \u00fcber unsere Kontaktseite zu erreichen \u2013 ob Sie Fragen haben oder einfach mit uns in Verbindung treten m\u00f6chten, wir freuen uns darauf, von Ihnen zu h\u00f6ren und Sie in Casa Ayni willkommen zu heissen.<\/div><\/div><div class=\"ult-spacer spacer-69f716f4a9ac9\" data-id=\"69f716f4a9ac9\" data-height=\"44\" data-height-mobile=\"44\" data-height-tab=\"44\" data-height-tab-portrait=\"\" data-height-mobile-landscape=\"\" style=\"clear:both;display:block;\"><\/div>[vc_btn title=&#8220;Kontaktiere uns&#8220; style=&#8220;3d&#8220; color=&#8220;mulled-wine&#8220; align=&#8220;center&#8220; link=&#8220;url:https%3A%2F%2Fcasa-ayni.ch%2Fcontact-us%2F|title:Programm|&#8220;]<div class=\"ult-spacer spacer-69f716f4a9b00\" data-id=\"69f716f4a9b00\" data-height=\"140\" data-height-mobile=\"60\" data-height-tab=\"100\" data-height-tab-portrait=\"100\" data-height-mobile-landscape=\"60\" style=\"clear:both;display:block;\"><\/div>[\/vc_column][\/vc_row]\n<\/div>","protected":false},"excerpt":{"rendered":"<p>[vc_row ct_row_stretch=&#8220;stretch_row&#8220; ct_bg_image=&#8220;8318&#8243; ct_bg_color_overlay=&#8220;rgba(10,10,10,0.3)&#8220; ct_bg_position=&#8220;center center&#8220; ct_bg_parallax=&#8220;fixed&#8220; full_width=&#8220;stretch_row&#8220; use_row_as_full_screen_section=&#8220;no&#8220; type=&#8220;grid&#8220;][vc_column css=&#8220;.vc_custom_1734174655594{background-image: url(https:\/\/casa-ayni.ch\/wp-content\/uploads\/2024\/12\/Casa-Ayni-Featured.jpg?id=119) !important;background-position: center !important;background-repeat: no-repeat !important;background-size: cover !important;}&#8220;][\/vc_column][\/vc_row][vc_row ct_row_stretch=&#8220;&#8220; use_row_as_full_screen_section=&#8220;no&#8220; type=&#8220;grid&#8220;][vc_column offset=&#8220;vc_col-md-6&#8243;][\/vc_column][vc_column offset=&#8220;vc_col-md-6&#8243;][\/vc_column][\/vc_row][vc_row ct_row_stretch=&#8220;&#8220; use_row_as_full_screen_section=&#8220;no&#8220; type=&#8220;grid&#8220; el_class=&#8220;reorder-mobile&#8220;][vc_column width=&#8220;3\/4&#8243; offset=&#8220;vc_col-md-6&#8243;][\/vc_column][vc_column &#8230;<\/p>\n","protected":false},"author":1,"featured_media":1354,"parent":0,"menu_order":0,"comment_status":"closed","ping_status":"closed","template":"","meta":{"footnotes":""},"class_list":["post-1917","page","type-page","status-publish","has-post-thumbnail","hentry"],"_links":{"self":[{"href":"https:\/\/casa-ayni.ch\/de\/wp-json\/wp\/v2\/pages\/1917","targetHints":{"allow":["GET"]}}],"collection":[{"href":"https:\/\/casa-ayni.ch\/de\/wp-json\/wp\/v2\/pages"}],"about":[{"href":"https:\/\/casa-ayni.ch\/de\/wp-json\/wp\/v2\/types\/page"}],"author":[{"embeddable":true,"href":"https:\/\/casa-ayni.ch\/de\/wp-json\/wp\/v2\/users\/1"}],"replies":[{"embeddable":true,"href":"https:\/\/casa-ayni.ch\/de\/wp-json\/wp\/v2\/comments?post=1917"}],"version-history":[{"count":12,"href":"https:\/\/casa-ayni.ch\/de\/wp-json\/wp\/v2\/pages\/1917\/revisions"}],"predecessor-version":[{"id":2592,"href":"https:\/\/casa-ayni.ch\/de\/wp-json\/wp\/v2\/pages\/1917\/revisions\/2592"}],"wp:featuredmedia":[{"embeddable":true,"href":"https:\/\/casa-ayni.ch\/de\/wp-json\/wp\/v2\/media\/1354"}],"wp:attachment":[{"href":"https:\/\/casa-ayni.ch\/de\/wp-json\/wp\/v2\/media?parent=1917"}],"curies":[{"name":"wp","href":"https:\/\/api.w.org\/{rel}","templated":true}]}}